{"id":24259,"date":"2020-07-30T15:43:05","date_gmt":"2020-07-30T13:43:05","guid":{"rendered":"https:\/\/samatec.net\/arredi-tecnici\/?page_id=24259"},"modified":"2020-08-03T18:01:58","modified_gmt":"2020-08-03T16:01:58","slug":"servizi","status":"publish","type":"page","link":"https:\/\/samatec.net\/arredi-tecnici\/servizi\/","title":{"rendered":"Servizi"},"content":{"rendered":"<p>[vc_row equal_height=&#8221;yes&#8221;][vc_column css=&#8221;.vc_custom_1484173266564{padding-top: 25px !important;}&#8221;]\t<div class=\"image_featured_text \">\n\t\t\t\t\t\t<img loading=\"lazy\" decoding=\"async\" width=\"472\" height=\"472\" src=\"https:\/\/samatec.net\/arredi-tecnici\/wp-content\/uploads\/2020\/07\/1.C.png\" class=\"attachment-full size-full\" alt=\"\" \/>\n\t\t\t\t\t\t<div class=\"text\">\n\t\t\t\t\t\t\t<\/p>\n<h2 class=\"ypr_accent_color\">PROGETTAZIONE<\/h2>\n<p><\/div>\n\t\t\t\t\t\t\n\t\t\t\t\t<\/div> \n\t\t\t<script type=\"text\/javascript\">\n\t\t\t\tjQuery(document).ready(function($) {\t\t\t\t\n\t\t\t\t\tif(typeof side_img_last_row_set === \"undefined\") {\n\t\t\t\n\t\t\t\t\t\t\/\/ Add class \"last\" to left_img_box section to remove borders.\n\t\t\t\t\t\t$(\".section .row_img_featured_texts_border\").last().addClass( \"last\" );\n\t\t\t\t\t\tside_img_last_row_set = true;\n\t\t\t\t\t}\n\t\t\t\t});\t\t\t\n\t\t\t<\/script>[\/vc_column][\/vc_row][vc_row][vc_column][vc_column_text]Seguiamo il cliente sin dalle prime fasi di progettazione degli ambienti, guidandolo nella scelta del layout pi\u00f9 funzionale in base al settore di applicazione.<\/p>\n<p>Operiamo sia in caso di nuova realizzazione che di rifacimento degli ambienti, dove \u00e8 richiesta particolare attenzione all\u2019integrazione tra il progetto e l\u2019esistente.<\/p>\n<p>Al fine di favorire massima precisione d\u2019intervento eseguiamo sopralluoghi finalizzati al rilievo dei locali. In seguito esaminiamo le specifiche necessit\u00e0 del cliente, con cui creiamo un quadro esigenziale ad hoc, da porre alla base del progetto.<\/p>\n<p>La modularit\u00e0 dei nostri prodotti viene declinata in base alle caratteristiche degli ambienti. Le proposte elaborate vengono tradotte in planimetrie 2d, a cui seguono modelli tridimensionali che facilitano la comprensione del progetto agli occhi dei clienti.<\/p>\n<p>Il nostro obiettivo in questa fase \u00e8 guidare il cliente all\u2019interno del progetto, mostrargli non solo il risultato finale, ma la distribuzione degli spazi e degli arredi, oltre che il loro ingombro nell\u2019ambiente[\/vc_column_text][\/vc_column][\/vc_row][vc_row full_width=&#8221;stretch_row_content&#8221; equal_height=&#8221;yes&#8221;][vc_column width=&#8221;1\/2&#8243; css=&#8221;.vc_custom_1596187755727{margin-right: 0px !important;margin-left: 0px !important;border-right-width: 0px !important;border-left-width: 0px !important;padding-right: 0px !important;padding-left: 0px !important;background-position: center !important;background-repeat: no-repeat !important;background-size: contain !important;}&#8221;][vc_single_image alignment=&#8221;center&#8221; onclick=&#8221;link_image&#8221; css_animation=&#8221;boc_animate_when_almost_visible boc_fade-in&#8221; image=&#8221;24269&#8243; css=&#8221;.vc_custom_1596187702737{margin-top: 0px !important;margin-right: 0px !important;margin-bottom: 0px !important;margin-left: 0px !important;border-top-width: 0px !important;border-right-width: 0px !important;border-bottom-width: 0px !important;border-left-width: 0px !important;padding-top: 0px !important;padding-right: 0px !important;padding-bottom: 0px !important;padding-left: 0px !important;}&#8221;][\/vc_column][vc_column width=&#8221;1\/2&#8243; css=&#8221;.vc_custom_1596187768934{margin-right: 0px !important;margin-left: 0px !important;border-right-width: 0px !important;border-left-width: 0px !important;padding-right: 0px !important;padding-left: 0px !important;background-position: center !important;background-repeat: no-repeat !important;background-size: contain !important;}&#8221;][vc_single_image alignment=&#8221;center&#8221; onclick=&#8221;link_image&#8221; css_animation=&#8221;boc_animate_when_almost_visible boc_fade-in&#8221; image=&#8221;24270&#8243; css=&#8221;.vc_custom_1596187720874{margin-top: 0px !important;margin-right: 0px !important;margin-bottom: 0px !important;margin-left: 0px !important;border-top-width: 0px !important;border-right-width: 0px !important;border-bottom-width: 0px !important;border-left-width: 0px !important;padding-top: 0px !important;padding-right: 0px !important;padding-bottom: 0px !important;padding-left: 0px !important;}&#8221;][\/vc_column][\/vc_row][vc_row bg_type=&#8221;bg_color&#8221; bg_color_value=&#8221;#fe4400&#8243;][vc_column][vc_row_inner css=&#8221;.vc_custom_1484251794104{padding-bottom: 35px !important;background-color: #f7f7f7 !important;}&#8221;][vc_column_inner width=&#8221;1\/2&#8243; css=&#8221;.vc_custom_1484251905874{padding-top: 27px !important;}&#8221;]<div class=\"side_icon_box normal  boc_animate_when_almost_visible\"><span class=\"icon_feat \" style=\"\"><i class=\"icon icon-car\" style=\"\"><\/i><\/span><h3>sopralluogo<\/h3><div class=\"side_icon_box_content\"><em>da parte di un nostro architetto<\/em><\/div><\/div><div class=\"side_icon_box normal  boc_animate_when_almost_visible\"><span class=\"icon_feat \" style=\"\"><i class=\"icon icon-vector\" style=\"\"><\/i><\/span><h3>layout 2d<\/h3><div class=\"side_icon_box_content\"><em>con alcune ipotesi distributive<\/em><\/div><\/div><div class=\"side_icon_box normal  boc_animate_when_almost_visible\"><span class=\"icon_feat \" style=\"\"><i class=\"icon icon-photo\" style=\"\"><\/i><\/span><h3>render<\/h3><div class=\"side_icon_box_content\"><em>fotorealistico di alcune viste significative<\/em><\/div><\/div>[\/vc_column_inner][vc_column_inner width=&#8221;1\/2&#8243; css=&#8221;.vc_custom_1484251911111{padding-top: 27px !important;}&#8221;]<div class=\"side_icon_box normal  boc_animate_when_almost_visible\"><span class=\"icon_feat \" style=\"\"><i class=\"icon icon-tools3\" style=\"\"><\/i><\/span><h3>rilievo<\/h3><div class=\"side_icon_box_content\"><em>del locale laboratorio<\/em><\/div><\/div><div class=\"side_icon_box normal  boc_animate_when_almost_visible\"><span class=\"icon_feat \" style=\"\"><i class=\"icon icon-plugin\" style=\"\"><\/i><\/span><h3>modello 3d<\/h3><div class=\"side_icon_box_content\"><em>della soluzione distributiva scelta<\/em><\/div><\/div><div class=\"side_icon_box normal  boc_animate_when_almost_visible\"><span class=\"icon_feat \" style=\"\"><i class=\"icon icon-piggy\" style=\"\"><\/i><\/span><h3>preventivo<\/h3><div class=\"side_icon_box_content\"><em>corredato da tutto il materiale grafico<\/em><\/div><\/div>[\/vc_column_inner][\/vc_row_inner][\/vc_column][\/vc_row][vc_row equal_height=&#8221;yes&#8221;][vc_column css=&#8221;.vc_custom_1484173266564{padding-top: 25px !important;}&#8221;]\t<div class=\"image_featured_text \">\n\t\t\t\t\t\t<img loading=\"lazy\" decoding=\"async\" width=\"472\" height=\"472\" src=\"https:\/\/samatec.net\/arredi-tecnici\/wp-content\/uploads\/2020\/07\/1.D.png\" class=\"attachment-full size-full\" alt=\"\" \/>\n\t\t\t\t\t\t<div class=\"text\">\n\t\t\t\t\t\t\t<\/p>\n<h2 class=\"ypr_accent_color\">PRODUZIONE<\/h2>\n<p><\/div>\n\t\t\t\t\t\t\n\t\t\t\t\t<\/div> \n\t\t\t<script type=\"text\/javascript\">\n\t\t\t\tjQuery(document).ready(function($) {\t\t\t\t\n\t\t\t\t\tif(typeof side_img_last_row_set === \"undefined\") {\n\t\t\t\n\t\t\t\t\t\t\/\/ Add class \"last\" to left_img_box section to remove borders.\n\t\t\t\t\t\t$(\".section .row_img_featured_texts_border\").last().addClass( \"last\" );\n\t\t\t\t\t\tside_img_last_row_set = true;\n\t\t\t\t\t}\n\t\t\t\t});\t\t\t\n\t\t\t<\/script>[\/vc_column][\/vc_row][vc_row][vc_column][vc_column_text]Realizziamo i nostri arredi con professionalit\u00e0 ed esperienza pluriennali per garantirne qualit\u00e0 ed efficienza, ottenendo prodotti versatili, innovativi e soprattutto personalizzabili.<\/p>\n<p>Ci serviamo di materie prime di alta qualit\u00e0 in grado di garantire sicurezza e ottime prestazioni. Costruiamo soluzioni su misura, che rispondono ai requisiti di funzionalit\u00e0 e innovazione.<\/p>\n<p>Il nostro ufficio tecnico \u00e8 disponibile a confezionare le soluzioni pi\u00f9 adatte alle esigenze del fruitore finale, anche in tutti quei casi in cui \u00e8 necessario operare attraverso elementi speciali e fuori standard.<\/p>\n<p>I nostri arredi possono essere personalizzati nelle colorazioni della carpenteria: il cliente pu\u00f2 scegliere qualsiasi colore, sia quello che propone l\u2019azienda, oppure coordinato all\u2019arredamento, nel caso in cui ve ne sia gi\u00e0 uno all\u2019interno dell\u2019ambiente di lavoro. Questo permette al nostro arredo di integrarsi perfettamente con il contesto, non tralasciando quindi l\u2019aspetto estetico del laboratorio.[\/vc_column_text][\/vc_column][\/vc_row][vc_row full_width=&#8221;stretch_row_content&#8221; equal_height=&#8221;yes&#8221;][vc_column width=&#8221;1\/2&#8243; css=&#8221;.vc_custom_1596187755727{margin-right: 0px !important;margin-left: 0px !important;border-right-width: 0px !important;border-left-width: 0px !important;padding-right: 0px !important;padding-left: 0px !important;background-position: center !important;background-repeat: no-repeat !important;background-size: contain !important;}&#8221;][vc_single_image alignment=&#8221;center&#8221; onclick=&#8221;link_image&#8221; css_animation=&#8221;boc_animate_when_almost_visible boc_fade-in&#8221; image=&#8221;24275&#8243; css=&#8221;.vc_custom_1596190343598{margin-top: 0px !important;margin-right: 0px !important;margin-bottom: 0px !important;margin-left: 0px !important;border-top-width: 0px !important;border-right-width: 0px !important;border-bottom-width: 0px !important;border-left-width: 0px !important;padding-top: 0px !important;padding-right: 0px !important;padding-bottom: 0px !important;padding-left: 0px !important;}&#8221;][\/vc_column][vc_column width=&#8221;1\/2&#8243; css=&#8221;.vc_custom_1596187768934{margin-right: 0px !important;margin-left: 0px !important;border-right-width: 0px !important;border-left-width: 0px !important;padding-right: 0px !important;padding-left: 0px !important;background-position: center !important;background-repeat: no-repeat !important;background-size: contain !important;}&#8221;][vc_single_image alignment=&#8221;center&#8221; onclick=&#8221;link_image&#8221; css_animation=&#8221;boc_animate_when_almost_visible boc_fade-in&#8221; image=&#8221;24276&#8243; css=&#8221;.vc_custom_1596190360939{margin-top: 0px !important;margin-right: 0px !important;margin-bottom: 0px !important;margin-left: 0px !important;border-top-width: 0px !important;border-right-width: 0px !important;border-bottom-width: 0px !important;border-left-width: 0px !important;padding-top: 0px !important;padding-right: 0px !important;padding-bottom: 0px !important;padding-left: 0px !important;}&#8221;][\/vc_column][\/vc_row][vc_row equal_height=&#8221;yes&#8221;][vc_column css=&#8221;.vc_custom_1484173266564{padding-top: 25px !important;}&#8221;]\t<div class=\"image_featured_text \">\n\t\t\t\t\t\t<img loading=\"lazy\" decoding=\"async\" width=\"472\" height=\"472\" src=\"https:\/\/samatec.net\/arredi-tecnici\/wp-content\/uploads\/2020\/07\/1.E.png\" class=\"attachment-full size-full\" alt=\"\" \/>\n\t\t\t\t\t\t<div class=\"text\">\n\t\t\t\t\t\t\t<\/p>\n<h2 class=\"ypr_accent_color\">ASSISTENZA<\/h2>\n<p><\/div>\n\t\t\t\t\t\t\n\t\t\t\t\t<\/div> \n\t\t\t<script type=\"text\/javascript\">\n\t\t\t\tjQuery(document).ready(function($) {\t\t\t\t\n\t\t\t\t\tif(typeof side_img_last_row_set === \"undefined\") {\n\t\t\t\n\t\t\t\t\t\t\/\/ Add class \"last\" to left_img_box section to remove borders.\n\t\t\t\t\t\t$(\".section .row_img_featured_texts_border\").last().addClass( \"last\" );\n\t\t\t\t\t\tside_img_last_row_set = true;\n\t\t\t\t\t}\n\t\t\t\t});\t\t\t\n\t\t\t<\/script>[\/vc_column][\/vc_row][vc_row][vc_column][vc_column_text]Attraverso i nostri servizi diversificati e modulari, prendiamo in carico il progetto dall\u2019idea al risultato, offrendo un servizio di supporto alla pianificazione e alla gestione del progetto.<\/p>\n<p>Seguiamo ogni fornitura dal sopralluogo all\u2019installazione degli arredi, ponendo particolare attenzione alla cura dei dettagli per garantire un risultato ottimale.<\/p>\n<p>Lavoriamo per sostenere il montaggio di prodotti funzionali in cui sia alta l\u2019attenzione al design d\u2019insieme.<\/p>\n<p>La relazione diretta con i clienti \u00e8 il nostro punto di forza, per questo siamo presenti anche nelle fasi di montaggio in cantiere.<\/p>\n<p>Ci occupiamo di verificare che le esigenze del cliente siano state soddisfatte attraverso prodotti in grado di garantire risposte concrete che restituiscano ambienti in cui il rapporto tra uomo e strumentazioni sia ergonomico e funzionale.<\/p>\n<p>Siamo pronti a rispondere alle esigenze del cliente, anche nelle fasi successive al completamento del cantiere, per eventuali problemi o necessit\u00e0 di modificare o integrare il layout di laboratorio.<\/p>\n<p>Consapevoli che il mondo dell\u2019analisi tecnico scientifica \u00e8 in continua evoluzione, proponiamo soluzioni alternative, nel caso in cui le richieste dei laboratoristi mutino nel tempo.[\/vc_column_text][\/vc_column][\/vc_row][vc_row full_width=&#8221;stretch_row_content&#8221; equal_height=&#8221;yes&#8221;][vc_column width=&#8221;2\/3&#8243; css=&#8221;.vc_custom_1596187755727{margin-right: 0px !important;margin-left: 0px !important;border-right-width: 0px !important;border-left-width: 0px !important;padding-right: 0px !important;padding-left: 0px !important;background-position: center !important;background-repeat: no-repeat !important;background-size: contain !important;}&#8221;][vc_single_image alignment=&#8221;center&#8221; onclick=&#8221;link_image&#8221; css_animation=&#8221;boc_animate_when_almost_visible boc_fade-in&#8221; image=&#8221;24280&#8243; css=&#8221;.vc_custom_1596190427897{margin-top: 0px !important;margin-right: 0px !important;margin-bottom: 0px !important;margin-left: 0px !important;border-top-width: 0px !important;border-right-width: 0px !important;border-bottom-width: 0px !important;border-left-width: 0px !important;padding-top: 0px !important;padding-right: 0px !important;padding-bottom: 0px !important;padding-left: 0px !important;}&#8221;][\/vc_column][vc_column width=&#8221;1\/3&#8243; css=&#8221;.vc_custom_1596190763956{margin-right: 0px !important;margin-left: 0px !important;border-right-width: 0px !important;border-left-width: 0px !important;padding-right: 0px !important;padding-left: 0px !important;background-image: url(https:\/\/samatec.net\/arredi-tecnici\/wp-content\/uploads\/2020\/07\/3E-resized.jpg?id=24281) !important;background-position: center !important;background-repeat: no-repeat !important;background-size: cover !important;}&#8221;][\/vc_column][\/vc_row][vc_row][vc_column][vc_row_inner css=&#8221;.vc_custom_1484296737867{padding-bottom: 0px !important;background-color: #f7f7f7 !important;}&#8221;][vc_column_inner width=&#8221;1\/2&#8243; css=&#8221;.vc_custom_1596189595931{padding-top: 12px !important;padding-bottom: 12px !important;}&#8221;]<div class=\"side_icon_box normal  boc_animate_when_almost_visible\"><span class=\"icon_feat \" style=\"\"><i class=\"icon icon-rocket\" style=\"\"><\/i><\/span><h3>consegna<\/h3><div class=\"side_icon_box_content\"><em>mediamente entro 30-60 gg\u00a0<\/em><\/div><\/div><div class=\"side_icon_box normal  boc_animate_when_almost_visible\"><span class=\"icon_feat \" style=\"\"><i class=\"icon icon-plug\" style=\"\"><\/i><\/span><h3>impianti ordinari<\/h3><div class=\"side_icon_box_content\"><em>elettrici, idrici, a richiesta<\/em><\/div><\/div><div class=\"side_icon_box normal  boc_animate_when_almost_visible\"><span class=\"icon_feat \" style=\"\"><i class=\"icon icon-caution\" style=\"\"><\/i><\/span><h3>manutenzioni<\/h3><div class=\"side_icon_box_content\"><em>per cappe chimiche e microbiologiche<\/em><\/div><\/div>[\/vc_column_inner][vc_column_inner width=&#8221;1\/2&#8243; css=&#8221;.vc_custom_1484296859374{padding-top: 12px !important;padding-bottom: 12px !important;}&#8221;]<div class=\"side_icon_box normal  boc_animate_when_almost_visible\"><span class=\"icon_feat \" style=\"\"><i class=\"icon icon-tools-2\" style=\"\"><\/i><\/span><h3>installazione<\/h3><div class=\"side_icon_box_content\"><em>da parte di\u00a0tecnici specializzati<\/em><\/div><\/div><div class=\"side_icon_box normal  boc_animate_when_almost_visible\"><span class=\"icon_feat \" style=\"\"><i class=\"icon icon-shuffle\" style=\"\"><\/i><\/span><h3>impianti di aspirazione<\/h3><div class=\"side_icon_box_content\"><em>creati secondo necessit\u00e0<\/em><\/div><\/div><div class=\"side_icon_box normal  boc_animate_when_almost_visible\"><span class=\"icon_feat \" style=\"\"><i class=\"icon icon-headphones\" style=\"\"><\/i><\/span><h3>assistenza post-vendita<\/h3><div class=\"side_icon_box_content\"><em>per eventuali modifiche o integrazioni<\/em><\/div><\/div>[\/vc_column_inner][\/vc_row_inner][\/vc_column][\/vc_row]<\/p>\n","protected":false},"excerpt":{"rendered":"<p>[vc_row equal_height=&#8221;yes&#8221;][vc_column css=&#8221;.vc_custom_1484173266564{padding-top: 25px !important;}&#8221;][\/vc_column][\/vc_row][vc_row][vc_column][vc_column_text]Seguiamo il cliente sin dalle prime fasi di progettazione degli ambienti, guidandolo nella scelta del layout pi\u00f9 funzionale in base al settore di applicazione. Operiamo sia in caso di nuova realizzazione che di rifacimento degli ambienti, dove \u00e8 richiesta particolare attenzione all\u2019integrazione tra il progetto e l\u2019esistente. Al fine di favorire massima precisione d\u2019intervento eseguiamo sopralluoghi<\/p>\n<div class=\"h10\"><\/div>\n<p><a class=\"more-link1\" href=\"https:\/\/samatec.net\/arredi-tecnici\/servizi\/\">Read more<\/a><\/p>\n","protected":false},"author":1,"featured_media":0,"parent":0,"menu_order":0,"comment_status":"closed","ping_status":"closed","template":"","meta":{"footnotes":""},"class_list":["post-24259","page","type-page","status-publish","hentry"],"_links":{"self":[{"href":"https:\/\/samatec.net\/arredi-tecnici\/wp-json\/wp\/v2\/pages\/24259","targetHints":{"allow":["GET"]}}],"collection":[{"href":"https:\/\/samatec.net\/arredi-tecnici\/wp-json\/wp\/v2\/pages"}],"about":[{"href":"https:\/\/samatec.net\/arredi-tecnici\/wp-json\/wp\/v2\/types\/page"}],"author":[{"embeddable":true,"href":"https:\/\/samatec.net\/arredi-tecnici\/wp-json\/wp\/v2\/users\/1"}],"replies":[{"embeddable":true,"href":"https:\/\/samatec.net\/arredi-tecnici\/wp-json\/wp\/v2\/comments?post=24259"}],"version-history":[{"count":20,"href":"https:\/\/samatec.net\/arredi-tecnici\/wp-json\/wp\/v2\/pages\/24259\/revisions"}],"predecessor-version":[{"id":24496,"href":"https:\/\/samatec.net\/arredi-tecnici\/wp-json\/wp\/v2\/pages\/24259\/revisions\/24496"}],"wp:attachment":[{"href":"https:\/\/samatec.net\/arredi-tecnici\/wp-json\/wp\/v2\/media?parent=24259"}],"curies":[{"name":"wp","href":"https:\/\/api.w.org\/{rel}","templated":true}]}}